{"id":212,"date":"2025-06-26T19:51:54","date_gmt":"2025-06-26T19:51:54","guid":{"rendered":"https:\/\/wieslawzawadzki.pl\/?page_id=212"},"modified":"2025-10-19T08:38:04","modified_gmt":"2025-10-19T08:38:04","slug":"galeria","status":"publish","type":"page","link":"https:\/\/wieslawzawadzki.pl\/?page_id=212","title":{"rendered":"Galeria"},"content":{"rendered":"\n<p style=\"font-size:18px\">Oto przestrze\u0144, w kt\u00f3rej spotykaj\u0105 si\u0119 pasja i sztuka. Prezentujemy unikalne zdj\u0119cia oraz filmy z wyst\u0119p\u00f3w, warsztat\u00f3w i wydarze\u0144 kulturalnych. Zobacz, jak Wies\u0142aw Zawadzki o\u017cywia muzyk\u0119, tworz\u0105c niezapomniane chwile.&nbsp; Odkryj magi\u0119 Fletni Pana i zanurz si\u0119 w \u015bwiecie d\u017awi\u0119k\u00f3w oraz emocji, kt\u00f3re inspiruj\u0105.<\/p>\n\n\n\n<div id=\"envira-gallery-wrap-12432\" class=\"envira-gallery-wrap envira-gallery-theme-base envira-lightbox-theme-base\" itemscope itemtype=\"https:\/\/schema.org\/ImageGallery\"><div data-row-height=\"\" data-gallery-theme=\"\" id=\"envira-gallery-12432\" class=\"envira-gallery-public  envira-gallery-3-columns envira-clear enviratope envira-gallery-css-animations\" data-envira-columns=\"3\"><div id=\"envira-gallery-item-248\" class=\"envira-gallery-item enviratope-item envira-gallery-item-1 envira-lazy-load\" style=\"padding-left: 3px; padding-bottom: 5px; padding-right: 3px;\"  itemscope itemtype=\"https:\/\/schema.org\/ImageObject\"><div class=\"envira-gallery-item-inner\"><div class=\"envira-gallery-position-overlay  envira-gallery-top-left\"><\/div><div class=\"envira-gallery-position-overlay  envira-gallery-top-right\"><\/div><div class=\"envira-gallery-position-overlay  envira-gallery-bottom-left\"><\/div><div class=\"envira-gallery-position-overlay  envira-gallery-bottom-right\"><\/div><a href=\"https:\/\/wieslawzawadzki.pl\/wp-content\/uploads\/2025\/06\/496094544_1280522820749496_5286899911742790343_n-e1751015309502.jpg\" class=\"envira-gallery-12432 envira-gallery-link\" rel=\"enviragallery12432\" title=\"Wies\u0142aw Zawadzki\" data-envira-caption=\"Wies\u0142aw Zawadzki\" data-envira-retina=\"\" data-thumbnail=\"\"  itemprop=\"contentUrl\"><div class=\"envira-lazy\" data-test-width=\"640\" data-test-height=\"480\" style=\"padding-bottom:75%;\"><img decoding=\"async\" id=\"envira-gallery-image-248\" class=\"envira-gallery-image envira-gallery-image-1\" data-envira-index=\"1\" src=\"https:\/\/wieslawzawadzki.pl\/wp-content\/uploads\/2025\/06\/496094544_1280522820749496_5286899911742790343_n-e1751015309502-1536x900-640x480_c.jpg\" data-envira-src=\"https:\/\/wieslawzawadzki.pl\/wp-content\/uploads\/2025\/06\/496094544_1280522820749496_5286899911742790343_n-e1751015309502-1536x900-640x480_c.jpg\" data-envira-gallery-id=\"12432\" data-envira-item-id=\"248\" data-envira-caption=\"Wies\u0142aw Zawadzki\" alt=\"\" title=\"Wies\u0142aw Zawadzki\"  itemprop=\"thumbnailUrl\" data-envira-srcset=\"https:\/\/wieslawzawadzki.pl\/wp-content\/uploads\/2025\/06\/496094544_1280522820749496_5286899911742790343_n-e1751015309502-1536x900-640x480_c.jpg 400w,https:\/\/wieslawzawadzki.pl\/wp-content\/uploads\/2025\/06\/496094544_1280522820749496_5286899911742790343_n-e1751015309502-1536x900-640x480_c.jpg 2x\" srcset=\"data:image\/gif;base64,R0lGODlhAQABAIAAAP\/\/\/\/\/\/\/yH5BAEKAAEALAAAAAABAAEAAAICTAEAOw==\" \/><\/div><\/a><\/div><\/div><div id=\"envira-gallery-item-12388\" class=\"envira-gallery-item enviratope-item envira-gallery-item-2 envira-lazy-load\" style=\"padding-left: 3px; padding-bottom: 5px; padding-right: 3px;\"  itemscope itemtype=\"https:\/\/schema.org\/ImageObject\"><div class=\"envira-gallery-item-inner\"><div class=\"envira-gallery-position-overlay  envira-gallery-top-left\"><\/div><div class=\"envira-gallery-position-overlay  envira-gallery-top-right\"><\/div><div class=\"envira-gallery-position-overlay  envira-gallery-bottom-left\"><\/div><div class=\"envira-gallery-position-overlay  envira-gallery-bottom-right\"><\/div><a href=\"https:\/\/wieslawzawadzki.pl\/wp-content\/uploads\/2025\/06\/Wieslaw-Zawadzki_crop1-scaled.jpg\" class=\"envira-gallery-12432 envira-gallery-link\" rel=\"enviragallery12432\" title=\"Wies\u0142aw Zawadzki_crop1\" data-envira-caption=\"Wies\u0142aw Zawadzki_crop1\" data-envira-retina=\"\" data-thumbnail=\"\"  itemprop=\"contentUrl\"><div class=\"envira-lazy\" data-test-width=\"640\" data-test-height=\"480\" style=\"padding-bottom:75%;\"><img decoding=\"async\" id=\"envira-gallery-image-12388\" class=\"envira-gallery-image envira-gallery-image-2\" data-envira-index=\"2\" src=\"https:\/\/wieslawzawadzki.pl\/wp-content\/uploads\/2025\/06\/Wieslaw-Zawadzki_crop1-1536x1536-640x480_c.jpg\" data-envira-src=\"https:\/\/wieslawzawadzki.pl\/wp-content\/uploads\/2025\/06\/Wieslaw-Zawadzki_crop1-1536x1536-640x480_c.jpg\" data-envira-gallery-id=\"12432\" data-envira-item-id=\"12388\" data-envira-caption=\"Wies\u0142aw Zawadzki_crop1\" alt=\"\" title=\"Wies\u0142aw Zawadzki_crop1\"  itemprop=\"thumbnailUrl\" data-envira-srcset=\"https:\/\/wieslawzawadzki.pl\/wp-content\/uploads\/2025\/06\/Wieslaw-Zawadzki_crop1-1536x1536-640x480_c.jpg 400w,https:\/\/wieslawzawadzki.pl\/wp-content\/uploads\/2025\/06\/Wieslaw-Zawadzki_crop1-1536x1536-640x480_c.jpg 2x\" srcset=\"data:image\/gif;base64,R0lGODlhAQABAIAAAP\/\/\/\/\/\/\/yH5BAEKAAEALAAAAAABAAEAAAICTAEAOw==\" \/><\/div><\/a><\/div><\/div><div id=\"envira-gallery-item-12275\" class=\"envira-gallery-item enviratope-item envira-gallery-item-3 envira-lazy-load\" style=\"padding-left: 3px; padding-bottom: 5px; padding-right: 3px;\"  itemscope itemtype=\"https:\/\/schema.org\/ImageObject\"><div class=\"envira-gallery-item-inner\"><div class=\"envira-gallery-position-overlay  envira-gallery-top-left\"><\/div><div class=\"envira-gallery-position-overlay  envira-gallery-top-right\"><\/div><div class=\"envira-gallery-position-overlay  envira-gallery-bottom-left\"><\/div><div class=\"envira-gallery-position-overlay  envira-gallery-bottom-right\"><\/div><a href=\"https:\/\/wieslawzawadzki.pl\/wp-content\/uploads\/2025\/06\/organowy-scaled.jpg\" class=\"envira-gallery-12432 envira-gallery-link\" rel=\"enviragallery12432\" title=\"Wies\u0142aw Zawadzki &amp;amp;#8211; Koncerty organowe\" data-envira-caption=\"Wies\u0142aw Zawadzki &amp;amp;#8211; Koncerty organowe\" data-envira-retina=\"\" data-thumbnail=\"\"  itemprop=\"contentUrl\"><div class=\"envira-lazy\" data-test-width=\"640\" data-test-height=\"480\" style=\"padding-bottom:75%;\"><img decoding=\"async\" id=\"envira-gallery-image-12275\" class=\"envira-gallery-image envira-gallery-image-3\" data-envira-index=\"3\" src=\"https:\/\/wieslawzawadzki.pl\/wp-content\/uploads\/2025\/06\/organowy-1536x865-640x480_c.jpg\" data-envira-src=\"https:\/\/wieslawzawadzki.pl\/wp-content\/uploads\/2025\/06\/organowy-1536x865-640x480_c.jpg\" data-envira-gallery-id=\"12432\" data-envira-item-id=\"12275\" data-envira-caption=\"Wies\u0142aw Zawadzki &amp;amp;#8211; Koncerty organowe\" alt=\"\" title=\"Wies\u0142aw Zawadzki &amp;amp;amp;#8211; Koncerty organowe\"  itemprop=\"thumbnailUrl\" data-envira-srcset=\"https:\/\/wieslawzawadzki.pl\/wp-content\/uploads\/2025\/06\/organowy-1536x865-640x480_c.jpg 400w,https:\/\/wieslawzawadzki.pl\/wp-content\/uploads\/2025\/06\/organowy-1536x865-640x480_c.jpg 2x\" srcset=\"data:image\/gif;base64,R0lGODlhAQABAIAAAP\/\/\/\/\/\/\/yH5BAEKAAEALAAAAAABAAEAAAICTAEAOw==\" \/><\/div><\/a><\/div><\/div><div id=\"envira-gallery-item-12274\" class=\"envira-gallery-item enviratope-item envira-gallery-item-4 envira-lazy-load\" style=\"padding-left: 3px; padding-bottom: 5px; padding-right: 3px;\"  itemscope itemtype=\"https:\/\/schema.org\/ImageObject\"><div class=\"envira-gallery-item-inner\"><div class=\"envira-gallery-position-overlay  envira-gallery-top-left\"><\/div><div class=\"envira-gallery-position-overlay  envira-gallery-top-right\"><\/div><div class=\"envira-gallery-position-overlay  envira-gallery-bottom-left\"><\/div><div class=\"envira-gallery-position-overlay  envira-gallery-bottom-right\"><\/div><a href=\"https:\/\/wieslawzawadzki.pl\/wp-content\/uploads\/2025\/06\/jarmark.jpg\" class=\"envira-gallery-12432 envira-gallery-link\" rel=\"enviragallery12432\" title=\"Wies\u0142aw Zawadzki &amp;amp;#8211; Wyst\u0119p na Jarmarku\" data-envira-caption=\"Wies\u0142aw Zawadzki &amp;amp;#8211; Wyst\u0119p na Jarmarku\" data-envira-retina=\"\" data-thumbnail=\"\"  itemprop=\"contentUrl\"><div class=\"envira-lazy\" data-test-width=\"640\" data-test-height=\"480\" style=\"padding-bottom:75%;\"><img decoding=\"async\" id=\"envira-gallery-image-12274\" class=\"envira-gallery-image envira-gallery-image-4\" data-envira-index=\"4\" src=\"https:\/\/wieslawzawadzki.pl\/wp-content\/uploads\/2025\/06\/jarmark-1536x1024-640x480_c.jpg\" data-envira-src=\"https:\/\/wieslawzawadzki.pl\/wp-content\/uploads\/2025\/06\/jarmark-1536x1024-640x480_c.jpg\" data-envira-gallery-id=\"12432\" data-envira-item-id=\"12274\" data-envira-caption=\"Wies\u0142aw Zawadzki &amp;amp;#8211; Wyst\u0119p na Jarmarku\" alt=\"\" title=\"Wies\u0142aw Zawadzki &amp;amp;amp;#8211; Wyst\u0119p na Jarmarku\"  itemprop=\"thumbnailUrl\" data-envira-srcset=\"https:\/\/wieslawzawadzki.pl\/wp-content\/uploads\/2025\/06\/jarmark-1536x1024-640x480_c.jpg 400w,https:\/\/wieslawzawadzki.pl\/wp-content\/uploads\/2025\/06\/jarmark-1536x1024-640x480_c.jpg 2x\" srcset=\"data:image\/gif;base64,R0lGODlhAQABAIAAAP\/\/\/\/\/\/\/yH5BAEKAAEALAAAAAABAAEAAAICTAEAOw==\" \/><\/div><\/a><\/div><\/div><div id=\"envira-gallery-item-6\" class=\"envira-gallery-item enviratope-item envira-gallery-item-5 envira-lazy-load\" style=\"padding-left: 3px; padding-bottom: 5px; padding-right: 3px;\"  itemscope itemtype=\"https:\/\/schema.org\/ImageObject\"><div class=\"envira-gallery-item-inner\"><div class=\"envira-gallery-position-overlay  envira-gallery-top-left\"><\/div><div class=\"envira-gallery-position-overlay  envira-gallery-top-right\"><\/div><div class=\"envira-gallery-position-overlay  envira-gallery-bottom-left\"><\/div><div class=\"envira-gallery-position-overlay  envira-gallery-bottom-right\"><\/div><a href=\"https:\/\/wieslawzawadzki.pl\/wp-content\/uploads\/2025\/06\/DSC_4188-scaled-e1750965590471.jpg\" class=\"envira-gallery-12432 envira-gallery-link\" rel=\"enviragallery12432\" title=\"Wies\u0142aw Zawadzki\" data-envira-caption=\"Wies\u0142aw Zawadzki\" data-envira-retina=\"\" data-thumbnail=\"\"  itemprop=\"contentUrl\"><div class=\"envira-lazy\" data-test-width=\"640\" data-test-height=\"480\" style=\"padding-bottom:75%;\"><img decoding=\"async\" id=\"envira-gallery-image-6\" class=\"envira-gallery-image envira-gallery-image-5\" data-envira-index=\"5\" src=\"https:\/\/wieslawzawadzki.pl\/wp-content\/uploads\/2025\/06\/DSC_4188-scaled-e1750965590471-1534x1536-640x480_c.jpg\" data-envira-src=\"https:\/\/wieslawzawadzki.pl\/wp-content\/uploads\/2025\/06\/DSC_4188-scaled-e1750965590471-1534x1536-640x480_c.jpg\" data-envira-gallery-id=\"12432\" data-envira-item-id=\"6\" data-envira-caption=\"Wies\u0142aw Zawadzki\" alt=\"\" title=\"Wies\u0142aw Zawadzki\"  itemprop=\"thumbnailUrl\" data-envira-srcset=\"https:\/\/wieslawzawadzki.pl\/wp-content\/uploads\/2025\/06\/DSC_4188-scaled-e1750965590471-1534x1536-640x480_c.jpg 400w,https:\/\/wieslawzawadzki.pl\/wp-content\/uploads\/2025\/06\/DSC_4188-scaled-e1750965590471-1534x1536-640x480_c.jpg 2x\" srcset=\"data:image\/gif;base64,R0lGODlhAQABAIAAAP\/\/\/\/\/\/\/yH5BAEKAAEALAAAAAABAAEAAAICTAEAOw==\" \/><\/div><\/a><\/div><\/div><div id=\"envira-gallery-item-12280\" class=\"envira-gallery-item enviratope-item envira-gallery-item-6 envira-lazy-load\" style=\"padding-left: 3px; padding-bottom: 5px; padding-right: 3px;\"  itemscope itemtype=\"https:\/\/schema.org\/ImageObject\"><div class=\"envira-gallery-item-inner\"><div class=\"envira-gallery-position-overlay  envira-gallery-top-left\"><\/div><div class=\"envira-gallery-position-overlay  envira-gallery-top-right\"><\/div><div class=\"envira-gallery-position-overlay  envira-gallery-bottom-left\"><\/div><div class=\"envira-gallery-position-overlay  envira-gallery-bottom-right\"><\/div><a href=\"https:\/\/wieslawzawadzki.pl\/wp-content\/uploads\/2025\/06\/wystep-kino.jpg\" class=\"envira-gallery-12432 envira-gallery-link\" rel=\"enviragallery12432\" title=\"Wies\u0142aw Zawadzki &amp;amp;#8211; Wyst\u0119p w Kinie Bajka\" data-envira-caption=\"Wies\u0142aw Zawadzki &amp;amp;#8211; Wyst\u0119p w Kinie Bajka\" data-envira-retina=\"\" data-thumbnail=\"\"  itemprop=\"contentUrl\"><div class=\"envira-lazy\" data-test-width=\"640\" data-test-height=\"480\" style=\"padding-bottom:75%;\"><img decoding=\"async\" id=\"envira-gallery-image-12280\" class=\"envira-gallery-image envira-gallery-image-6\" data-envira-index=\"6\" src=\"https:\/\/wieslawzawadzki.pl\/wp-content\/uploads\/2025\/06\/wystep-kino-1152x1536-640x480_c.jpg\" data-envira-src=\"https:\/\/wieslawzawadzki.pl\/wp-content\/uploads\/2025\/06\/wystep-kino-1152x1536-640x480_c.jpg\" data-envira-gallery-id=\"12432\" data-envira-item-id=\"12280\" data-envira-caption=\"Wies\u0142aw Zawadzki &amp;amp;#8211; Wyst\u0119p w Kinie Bajka\" alt=\"\" title=\"Wies\u0142aw Zawadzki &amp;amp;amp;#8211; Wyst\u0119p w Kinie Bajka\"  itemprop=\"thumbnailUrl\" data-envira-srcset=\"https:\/\/wieslawzawadzki.pl\/wp-content\/uploads\/2025\/06\/wystep-kino-1152x1536-640x480_c.jpg 400w,https:\/\/wieslawzawadzki.pl\/wp-content\/uploads\/2025\/06\/wystep-kino-1152x1536-640x480_c.jpg 2x\" srcset=\"data:image\/gif;base64,R0lGODlhAQABAIAAAP\/\/\/\/\/\/\/yH5BAEKAAEALAAAAAABAAEAAAICTAEAOw==\" \/><\/div><\/a><\/div><\/div><div id=\"envira-gallery-item-171\" class=\"envira-gallery-item enviratope-item envira-gallery-item-7 envira-lazy-load\" style=\"padding-left: 3px; padding-bottom: 5px; padding-right: 3px;\"  itemscope itemtype=\"https:\/\/schema.org\/ImageObject\"><div class=\"envira-gallery-item-inner\"><div class=\"envira-gallery-position-overlay  envira-gallery-top-left\"><\/div><div class=\"envira-gallery-position-overlay  envira-gallery-top-right\"><\/div><div class=\"envira-gallery-position-overlay  envira-gallery-bottom-left\"><\/div><div class=\"envira-gallery-position-overlay  envira-gallery-bottom-right\"><\/div><a href=\"https:\/\/wieslawzawadzki.pl\/wp-content\/uploads\/2025\/06\/DSC_4094-scaled.jpg\" class=\"envira-gallery-12432 envira-gallery-link\" rel=\"enviragallery12432\" title=\"Wies\u0142aw Zawadzki\" data-envira-caption=\"Wies\u0142aw Zawadzki\" data-envira-retina=\"\" data-thumbnail=\"\"  itemprop=\"contentUrl\"><div class=\"envira-lazy\" data-test-width=\"640\" data-test-height=\"480\" style=\"padding-bottom:75%;\"><img decoding=\"async\" id=\"envira-gallery-image-171\" class=\"envira-gallery-image envira-gallery-image-7\" data-envira-index=\"7\" src=\"https:\/\/wieslawzawadzki.pl\/wp-content\/uploads\/2025\/06\/DSC_4094-1536x1536-640x480_c.jpg\" data-envira-src=\"https:\/\/wieslawzawadzki.pl\/wp-content\/uploads\/2025\/06\/DSC_4094-1536x1536-640x480_c.jpg\" data-envira-gallery-id=\"12432\" data-envira-item-id=\"171\" data-envira-caption=\"Wies\u0142aw Zawadzki\" alt=\"\" title=\"Wies\u0142aw Zawadzki\"  itemprop=\"thumbnailUrl\" data-envira-srcset=\"https:\/\/wieslawzawadzki.pl\/wp-content\/uploads\/2025\/06\/DSC_4094-1536x1536-640x480_c.jpg 400w,https:\/\/wieslawzawadzki.pl\/wp-content\/uploads\/2025\/06\/DSC_4094-1536x1536-640x480_c.jpg 2x\" srcset=\"data:image\/gif;base64,R0lGODlhAQABAIAAAP\/\/\/\/\/\/\/yH5BAEKAAEALAAAAAABAAEAAAICTAEAOw==\" \/><\/div><\/a><\/div><\/div><div id=\"envira-gallery-item-12279\" class=\"envira-gallery-item enviratope-item envira-gallery-item-8 envira-lazy-load\" style=\"padding-left: 3px; padding-bottom: 5px; padding-right: 3px;\"  itemscope itemtype=\"https:\/\/schema.org\/ImageObject\"><div class=\"envira-gallery-item-inner\"><div class=\"envira-gallery-position-overlay  envira-gallery-top-left\"><\/div><div class=\"envira-gallery-position-overlay  envira-gallery-top-right\"><\/div><div class=\"envira-gallery-position-overlay  envira-gallery-bottom-left\"><\/div><div class=\"envira-gallery-position-overlay  envira-gallery-bottom-right\"><\/div><a href=\"https:\/\/wieslawzawadzki.pl\/wp-content\/uploads\/2025\/06\/warsztaty.webp\" class=\"envira-gallery-12432 envira-gallery-link\" rel=\"enviragallery12432\" title=\"Wies\u0142aw Zawadzki &amp;amp;#8211; Warsztaty muzyczne\" data-envira-caption=\"Wies\u0142aw Zawadzki &amp;amp;#8211; Warsztaty muzyczne\" data-envira-retina=\"\" data-thumbnail=\"\"  itemprop=\"contentUrl\"><div class=\"envira-lazy\" data-test-width=\"640\" data-test-height=\"480\" style=\"padding-bottom:75%;\"><img decoding=\"async\" id=\"envira-gallery-image-12279\" class=\"envira-gallery-image envira-gallery-image-8\" data-envira-index=\"8\" src=\"https:\/\/wieslawzawadzki.pl\/wp-content\/uploads\/2025\/06\/warsztaty-640x480_c.webp\" data-envira-src=\"https:\/\/wieslawzawadzki.pl\/wp-content\/uploads\/2025\/06\/warsztaty-640x480_c.webp\" data-envira-gallery-id=\"12432\" data-envira-item-id=\"12279\" data-envira-caption=\"Wies\u0142aw Zawadzki &amp;amp;#8211; Warsztaty muzyczne\" alt=\"\" title=\"Wies\u0142aw Zawadzki &amp;amp;amp;#8211; Warsztaty muzyczne\"  itemprop=\"thumbnailUrl\" data-envira-srcset=\"https:\/\/wieslawzawadzki.pl\/wp-content\/uploads\/2025\/06\/warsztaty-640x480_c.webp 400w,https:\/\/wieslawzawadzki.pl\/wp-content\/uploads\/2025\/06\/warsztaty-640x480_c.webp 2x\" srcset=\"data:image\/gif;base64,R0lGODlhAQABAIAAAP\/\/\/\/\/\/\/yH5BAEKAAEALAAAAAABAAEAAAICTAEAOw==\" \/><\/div><\/a><\/div><\/div><div id=\"envira-gallery-item-7\" class=\"envira-gallery-item enviratope-item envira-gallery-item-9 envira-lazy-load\" style=\"padding-left: 3px; padding-bottom: 5px; padding-right: 3px;\"  itemscope itemtype=\"https:\/\/schema.org\/ImageObject\"><div class=\"envira-gallery-item-inner\"><div class=\"envira-gallery-position-overlay  envira-gallery-top-left\"><\/div><div class=\"envira-gallery-position-overlay  envira-gallery-top-right\"><\/div><div class=\"envira-gallery-position-overlay  envira-gallery-bottom-left\"><\/div><div class=\"envira-gallery-position-overlay  envira-gallery-bottom-right\"><\/div><a href=\"https:\/\/wieslawzawadzki.pl\/wp-content\/uploads\/2025\/06\/DSC_4150-scaled-e1751016375711.jpg\" class=\"envira-gallery-12432 envira-gallery-link\" rel=\"enviragallery12432\" title=\"Wies\u0142aw Zawadzki\" data-envira-caption=\"Wies\u0142aw Zawadzki\" data-envira-retina=\"\" data-thumbnail=\"\"  itemprop=\"contentUrl\"><div class=\"envira-lazy\" data-test-width=\"640\" data-test-height=\"480\" style=\"padding-bottom:75%;\"><img decoding=\"async\" id=\"envira-gallery-image-7\" class=\"envira-gallery-image envira-gallery-image-9\" data-envira-index=\"9\" src=\"https:\/\/wieslawzawadzki.pl\/wp-content\/uploads\/2025\/06\/DSC_4150-scaled-e1751016375711-1531x1536-640x480_c.jpg\" data-envira-src=\"https:\/\/wieslawzawadzki.pl\/wp-content\/uploads\/2025\/06\/DSC_4150-scaled-e1751016375711-1531x1536-640x480_c.jpg\" data-envira-gallery-id=\"12432\" data-envira-item-id=\"7\" data-envira-caption=\"Wies\u0142aw Zawadzki\" alt=\"\" title=\"Wies\u0142aw Zawadzki\"  itemprop=\"thumbnailUrl\" data-envira-srcset=\"https:\/\/wieslawzawadzki.pl\/wp-content\/uploads\/2025\/06\/DSC_4150-scaled-e1751016375711-1531x1536-640x480_c.jpg 400w,https:\/\/wieslawzawadzki.pl\/wp-content\/uploads\/2025\/06\/DSC_4150-scaled-e1751016375711-1531x1536-640x480_c.jpg 2x\" srcset=\"data:image\/gif;base64,R0lGODlhAQABAIAAAP\/\/\/\/\/\/\/yH5BAEKAAEALAAAAAABAAEAAAICTAEAOw==\" \/><\/div><\/a><\/div><\/div><div id=\"envira-gallery-item-12283\" class=\"envira-gallery-item enviratope-item envira-gallery-item-10 envira-lazy-load\" style=\"padding-left: 3px; padding-bottom: 5px; padding-right: 3px;\"  itemscope itemtype=\"https:\/\/schema.org\/ImageObject\"><div class=\"envira-gallery-item-inner\"><div class=\"envira-gallery-position-overlay  envira-gallery-top-left\"><\/div><div class=\"envira-gallery-position-overlay  envira-gallery-top-right\"><\/div><div class=\"envira-gallery-position-overlay  envira-gallery-bottom-left\"><\/div><div class=\"envira-gallery-position-overlay  envira-gallery-bottom-right\"><\/div><a href=\"https:\/\/wieslawzawadzki.pl\/wp-content\/uploads\/2025\/06\/Wystep-w-kamieniu-Slaskim2.jpg\" class=\"envira-gallery-12432 envira-gallery-link\" rel=\"enviragallery12432\" title=\"Wies\u0142aw Zawadzki &amp;amp;#8211; Wyst\u0119p w Kamieniu \u015al\u0105skim\" data-envira-caption=\"Wies\u0142aw Zawadzki &amp;amp;#8211; Wyst\u0119p w Kamieniu \u015al\u0105skim\" data-envira-retina=\"\" data-thumbnail=\"\"  itemprop=\"contentUrl\"><div class=\"envira-lazy\" data-test-width=\"640\" data-test-height=\"480\" style=\"padding-bottom:75%;\"><img decoding=\"async\" id=\"envira-gallery-image-12283\" class=\"envira-gallery-image envira-gallery-image-10\" data-envira-index=\"10\" src=\"https:\/\/wieslawzawadzki.pl\/wp-content\/uploads\/2025\/06\/Wystep-w-kamieniu-Slaskim2-640x480_c.jpg\" data-envira-src=\"https:\/\/wieslawzawadzki.pl\/wp-content\/uploads\/2025\/06\/Wystep-w-kamieniu-Slaskim2-640x480_c.jpg\" data-envira-gallery-id=\"12432\" data-envira-item-id=\"12283\" data-envira-caption=\"Wies\u0142aw Zawadzki &amp;amp;#8211; Wyst\u0119p w Kamieniu \u015al\u0105skim\" alt=\"\" title=\"Wies\u0142aw Zawadzki &amp;amp;amp;#8211; Wyst\u0119p w Kamieniu \u015al\u0105skim\"  itemprop=\"thumbnailUrl\" data-envira-srcset=\"https:\/\/wieslawzawadzki.pl\/wp-content\/uploads\/2025\/06\/Wystep-w-kamieniu-Slaskim2-640x480_c.jpg 400w,https:\/\/wieslawzawadzki.pl\/wp-content\/uploads\/2025\/06\/Wystep-w-kamieniu-Slaskim2-640x480_c.jpg 2x\" srcset=\"data:image\/gif;base64,R0lGODlhAQABAIAAAP\/\/\/\/\/\/\/yH5BAEKAAEALAAAAAABAAEAAAICTAEAOw==\" \/><\/div><\/a><\/div><\/div><div id=\"envira-gallery-item-12282\" class=\"envira-gallery-item enviratope-item envira-gallery-item-11 envira-lazy-load\" style=\"padding-left: 3px; padding-bottom: 5px; padding-right: 3px;\"  itemscope itemtype=\"https:\/\/schema.org\/ImageObject\"><div class=\"envira-gallery-item-inner\"><div class=\"envira-gallery-position-overlay  envira-gallery-top-left\"><\/div><div class=\"envira-gallery-position-overlay  envira-gallery-top-right\"><\/div><div class=\"envira-gallery-position-overlay  envira-gallery-bottom-left\"><\/div><div class=\"envira-gallery-position-overlay  envira-gallery-bottom-right\"><\/div><a href=\"https:\/\/wieslawzawadzki.pl\/wp-content\/uploads\/2025\/06\/Wystep-w-kamieniu-Slaskim1.jpg\" class=\"envira-gallery-12432 envira-gallery-link\" rel=\"enviragallery12432\" title=\"Wies\u0142aw Zawadzki &amp;amp;#8211; Wyst\u0119p w Kamieniu \u015al\u0105skim\" data-envira-caption=\"Wies\u0142aw Zawadzki &amp;amp;#8211; Wyst\u0119p w Kamieniu \u015al\u0105skim\" data-envira-retina=\"\" data-thumbnail=\"\"  itemprop=\"contentUrl\"><div class=\"envira-lazy\" data-test-width=\"640\" data-test-height=\"480\" style=\"padding-bottom:75%;\"><img decoding=\"async\" id=\"envira-gallery-image-12282\" class=\"envira-gallery-image envira-gallery-image-11\" data-envira-index=\"11\" src=\"https:\/\/wieslawzawadzki.pl\/wp-content\/uploads\/2025\/06\/Wystep-w-kamieniu-Slaskim1-640x480_c.jpg\" data-envira-src=\"https:\/\/wieslawzawadzki.pl\/wp-content\/uploads\/2025\/06\/Wystep-w-kamieniu-Slaskim1-640x480_c.jpg\" data-envira-gallery-id=\"12432\" data-envira-item-id=\"12282\" data-envira-caption=\"Wies\u0142aw Zawadzki &amp;amp;#8211; Wyst\u0119p w Kamieniu \u015al\u0105skim\" alt=\"\" title=\"Wies\u0142aw Zawadzki &amp;amp;amp;#8211; Wyst\u0119p w Kamieniu \u015al\u0105skim\"  itemprop=\"thumbnailUrl\" data-envira-srcset=\"https:\/\/wieslawzawadzki.pl\/wp-content\/uploads\/2025\/06\/Wystep-w-kamieniu-Slaskim1-640x480_c.jpg 400w,https:\/\/wieslawzawadzki.pl\/wp-content\/uploads\/2025\/06\/Wystep-w-kamieniu-Slaskim1-640x480_c.jpg 2x\" srcset=\"data:image\/gif;base64,R0lGODlhAQABAIAAAP\/\/\/\/\/\/\/yH5BAEKAAEALAAAAAABAAEAAAICTAEAOw==\" \/><\/div><\/a><\/div><\/div><div id=\"envira-gallery-item-12281\" class=\"envira-gallery-item enviratope-item envira-gallery-item-12 envira-lazy-load\" style=\"padding-left: 3px; padding-bottom: 5px; padding-right: 3px;\"  itemscope itemtype=\"https:\/\/schema.org\/ImageObject\"><div class=\"envira-gallery-item-inner\"><div class=\"envira-gallery-position-overlay  envira-gallery-top-left\"><\/div><div class=\"envira-gallery-position-overlay  envira-gallery-top-right\"><\/div><div class=\"envira-gallery-position-overlay  envira-gallery-bottom-left\"><\/div><div class=\"envira-gallery-position-overlay  envira-gallery-bottom-right\"><\/div><a href=\"https:\/\/wieslawzawadzki.pl\/wp-content\/uploads\/2025\/06\/Wystep-w-kamieniu-Slaskim.jpg\" class=\"envira-gallery-12432 envira-gallery-link\" rel=\"enviragallery12432\" title=\"Wies\u0142aw Zawadzki &amp;amp;#8211; Wyst\u0119p w Kamieniu \u015al\u0105skim\" data-envira-caption=\"Wies\u0142aw Zawadzki &amp;amp;#8211; Wyst\u0119p w Kamieniu \u015al\u0105skim\" data-envira-retina=\"\" data-thumbnail=\"\"  itemprop=\"contentUrl\"><div class=\"envira-lazy\" data-test-width=\"640\" data-test-height=\"480\" style=\"padding-bottom:75%;\"><img decoding=\"async\" id=\"envira-gallery-image-12281\" class=\"envira-gallery-image envira-gallery-image-12\" data-envira-index=\"12\" src=\"https:\/\/wieslawzawadzki.pl\/wp-content\/uploads\/2025\/06\/Wystep-w-kamieniu-Slaskim-640x480_c.jpg\" data-envira-src=\"https:\/\/wieslawzawadzki.pl\/wp-content\/uploads\/2025\/06\/Wystep-w-kamieniu-Slaskim-640x480_c.jpg\" data-envira-gallery-id=\"12432\" data-envira-item-id=\"12281\" data-envira-caption=\"Wies\u0142aw Zawadzki &amp;amp;#8211; Wyst\u0119p w Kamieniu \u015al\u0105skim\" alt=\"\" title=\"Wies\u0142aw Zawadzki &amp;amp;amp;#8211; Wyst\u0119p w Kamieniu \u015al\u0105skim\"  itemprop=\"thumbnailUrl\" data-envira-srcset=\"https:\/\/wieslawzawadzki.pl\/wp-content\/uploads\/2025\/06\/Wystep-w-kamieniu-Slaskim-640x480_c.jpg 400w,https:\/\/wieslawzawadzki.pl\/wp-content\/uploads\/2025\/06\/Wystep-w-kamieniu-Slaskim-640x480_c.jpg 2x\" srcset=\"data:image\/gif;base64,R0lGODlhAQABAIAAAP\/\/\/\/\/\/\/yH5BAEKAAEALAAAAAABAAEAAAICTAEAOw==\" \/><\/div><\/a><\/div><\/div><\/div><\/div><noscript><img decoding=\"async\" src=\"https:\/\/wieslawzawadzki.pl\/wp-content\/uploads\/2025\/06\/496094544_1280522820749496_5286899911742790343_n-e1751015309502.jpg\" alt=\"\" \/><img decoding=\"async\" src=\"https:\/\/wieslawzawadzki.pl\/wp-content\/uploads\/2025\/06\/Wieslaw-Zawadzki_crop1-scaled.jpg\" alt=\"\" \/><img decoding=\"async\" src=\"https:\/\/wieslawzawadzki.pl\/wp-content\/uploads\/2025\/06\/organowy-scaled.jpg\" alt=\"\" \/><img decoding=\"async\" src=\"https:\/\/wieslawzawadzki.pl\/wp-content\/uploads\/2025\/06\/jarmark.jpg\" alt=\"\" \/><img decoding=\"async\" src=\"https:\/\/wieslawzawadzki.pl\/wp-content\/uploads\/2025\/06\/DSC_4188-scaled-e1750965590471.jpg\" alt=\"\" \/><img decoding=\"async\" src=\"https:\/\/wieslawzawadzki.pl\/wp-content\/uploads\/2025\/06\/wystep-kino.jpg\" alt=\"\" \/><img decoding=\"async\" src=\"https:\/\/wieslawzawadzki.pl\/wp-content\/uploads\/2025\/06\/DSC_4094-scaled.jpg\" alt=\"\" \/><img decoding=\"async\" src=\"https:\/\/wieslawzawadzki.pl\/wp-content\/uploads\/2025\/06\/warsztaty.webp\" alt=\"\" \/><img decoding=\"async\" src=\"https:\/\/wieslawzawadzki.pl\/wp-content\/uploads\/2025\/06\/DSC_4150-scaled-e1751016375711.jpg\" alt=\"\" \/><img decoding=\"async\" src=\"https:\/\/wieslawzawadzki.pl\/wp-content\/uploads\/2025\/06\/Wystep-w-kamieniu-Slaskim2.jpg\" alt=\"\" \/><img decoding=\"async\" src=\"https:\/\/wieslawzawadzki.pl\/wp-content\/uploads\/2025\/06\/Wystep-w-kamieniu-Slaskim1.jpg\" alt=\"\" \/><img decoding=\"async\" src=\"https:\/\/wieslawzawadzki.pl\/wp-content\/uploads\/2025\/06\/Wystep-w-kamieniu-Slaskim.jpg\" alt=\"\" \/><\/noscript>\n\n\n\n<p><\/p>\n\n\n\n<figure class=\"wp-block-embed is-type-video is-provider-youtube wp-block-embed-youtube wp-embed-aspect-16-9 wp-has-aspect-ratio\"><div class=\"wp-block-embed__wrapper\">\n<iframe loading=\"lazy\" title=\"Wies\u0142aw Zawadzki - wyst\u0119p podczas koncertu kole\u0328d w Parafii MBWW w Kluczborku\" width=\"800\" height=\"450\" src=\"https:\/\/www.youtube.com\/embed\/fkAUpxg6R7s?feature=oembed\" frameborder=\"0\" allow=\"accelerometer; autoplay; clipboard-write; encrypted-media; gyroscope; picture-in-picture; web-share\" referrerpolicy=\"strict-origin-when-cross-origin\" allowfullscreen><\/iframe>\n<\/div><\/figure>\n\n\n\n<figure class=\"wp-block-embed is-type-video is-provider-youtube wp-block-embed-youtube wp-embed-aspect-16-9 wp-has-aspect-ratio\"><div class=\"wp-block-embed__wrapper\">\n<iframe loading=\"lazy\" title=\"Wies\u0142aw Zawadzki - Rozmowa w programie O!polskie o poranku w TVP3 Opole\" width=\"800\" height=\"450\" src=\"https:\/\/www.youtube.com\/embed\/QLyI8SqdPd4?feature=oembed\" frameborder=\"0\" allow=\"accelerometer; autoplay; clipboard-write; encrypted-media; gyroscope; picture-in-picture; web-share\" referrerpolicy=\"strict-origin-when-cross-origin\" allowfullscreen><\/iframe>\n<\/div><\/figure>\n\n\n\n<figure class=\"wp-block-embed is-type-video is-provider-youtube wp-block-embed-youtube wp-embed-aspect-16-9 wp-has-aspect-ratio\"><div class=\"wp-block-embed__wrapper\">\n<iframe loading=\"lazy\" title=\"Wies\u0142aw Zawadzki - Samotny Pasterz\" width=\"800\" height=\"450\" src=\"https:\/\/www.youtube.com\/embed\/iXB4ffMpkCU?feature=oembed\" frameborder=\"0\" allow=\"accelerometer; autoplay; clipboard-write; encrypted-media; gyroscope; picture-in-picture; web-share\" referrerpolicy=\"strict-origin-when-cross-origin\" allowfullscreen><\/iframe>\n<\/div><\/figure>\n\n\n\n<figure class=\"wp-block-embed is-type-video is-provider-youtube wp-block-embed-youtube wp-embed-aspect-16-9 wp-has-aspect-ratio\"><div class=\"wp-block-embed__wrapper\">\n<iframe loading=\"lazy\" title=\"Wies\u0142aw Zawadzki - Wyst\u0119p w Kinie Bajka dla uczni\u00f3w\" width=\"800\" height=\"450\" src=\"https:\/\/www.youtube.com\/embed\/k6dhPMh_vh0?feature=oembed\" frameborder=\"0\" allow=\"accelerometer; autoplay; clipboard-write; encrypted-media; gyroscope; picture-in-picture; web-share\" referrerpolicy=\"strict-origin-when-cross-origin\" allowfullscreen><\/iframe>\n<\/div><\/figure>\n\n\n\n<figure class=\"wp-block-embed is-type-video is-provider-youtube wp-block-embed-youtube wp-embed-aspect-16-9 wp-has-aspect-ratio\"><div class=\"wp-block-embed__wrapper\">\n<iframe loading=\"lazy\" title=\"Unchained Melody - cover fletnia\" width=\"800\" height=\"450\" src=\"https:\/\/www.youtube.com\/embed\/3CJ8SKnAk4E?feature=oembed\" frameborder=\"0\" allow=\"accelerometer; autoplay; clipboard-write; encrypted-media; gyroscope; picture-in-picture; web-share\" referrerpolicy=\"strict-origin-when-cross-origin\" allowfullscreen><\/iframe>\n<\/div><\/figure>\n\n\n\n<figure class=\"wp-block-embed is-type-video is-provider-youtube wp-block-embed-youtube wp-embed-aspect-16-9 wp-has-aspect-ratio\"><div class=\"wp-block-embed__wrapper\">\n<iframe loading=\"lazy\" title=\"Benefis Wies\u0142awa Zawadzkiego z okazji Jubileuszu 50-lecia na scenie\" width=\"800\" height=\"450\" src=\"https:\/\/www.youtube.com\/embed\/T17mIjJqErw?feature=oembed\" frameborder=\"0\" allow=\"accelerometer; autoplay; clipboard-write; encrypted-media; gyroscope; picture-in-picture; web-share\" referrerpolicy=\"strict-origin-when-cross-origin\" allowfullscreen><\/iframe>\n<\/div><\/figure>\n","protected":false},"excerpt":{"rendered":"<p>Oto przestrze\u0144, w kt\u00f3rej spotykaj\u0105 si\u0119 pasja i sztuka. Prezentujemy unikalne zdj\u0119cia oraz filmy z wyst\u0119p\u00f3w, warsztat\u00f3w i wydarze\u0144 kulturalnych. Zobacz, jak Wies\u0142aw Zawadzki o\u017cywia muzyk\u0119, tworz\u0105c niezapomniane chwile.&nbsp; Odkryj &#8230;<\/p>\n","protected":false},"author":1,"featured_media":0,"parent":0,"menu_order":0,"comment_status":"closed","ping_status":"closed","template":"","meta":{"_monsterinsights_skip_tracking":false,"_monsterinsights_sitenote_active":false,"_monsterinsights_sitenote_note":"","_monsterinsights_sitenote_category":0,"footnotes":""},"class_list":["post-212","page","type-page","status-publish","hentry"],"aioseo_notices":[],"_links":{"self":[{"href":"https:\/\/wieslawzawadzki.pl\/index.php?rest_route=\/wp\/v2\/pages\/212","targetHints":{"allow":["GET"]}}],"collection":[{"href":"https:\/\/wieslawzawadzki.pl\/index.php?rest_route=\/wp\/v2\/pages"}],"about":[{"href":"https:\/\/wieslawzawadzki.pl\/index.php?rest_route=\/wp\/v2\/types\/page"}],"author":[{"embeddable":true,"href":"https:\/\/wieslawzawadzki.pl\/index.php?rest_route=\/wp\/v2\/users\/1"}],"replies":[{"embeddable":true,"href":"https:\/\/wieslawzawadzki.pl\/index.php?rest_route=%2Fwp%2Fv2%2Fcomments&post=212"}],"version-history":[{"count":37,"href":"https:\/\/wieslawzawadzki.pl\/index.php?rest_route=\/wp\/v2\/pages\/212\/revisions"}],"predecessor-version":[{"id":12502,"href":"https:\/\/wieslawzawadzki.pl\/index.php?rest_route=\/wp\/v2\/pages\/212\/revisions\/12502"}],"wp:attachment":[{"href":"https:\/\/wieslawzawadzki.pl\/index.php?rest_route=%2Fwp%2Fv2%2Fmedia&parent=212"}],"curies":[{"name":"wp","href":"https:\/\/api.w.org\/{rel}","templated":true}]}}